{"id":8981,"date":"2023-07-05T07:36:48","date_gmt":"2023-07-05T07:36:48","guid":{"rendered":"https:\/\/amo3dvisual.com\/?post_type=portfolio&#038;p=8981"},"modified":"2023-07-28T12:08:40","modified_gmt":"2023-07-28T12:08:40","slug":"llar-de-mar","status":"publish","type":"portfolio","link":"https:\/\/amo3dvisual.com\/en\/proyectos\/llar-de-mar\/","title":{"rendered":"Llar de Mar"},"content":{"rendered":"\t\t<div data-elementor-type=\"wp-post\" data-elementor-id=\"8981\" class=\"elementor elementor-8981\">\n\t\t\t\t\t\t<section class=\"elementor-section elementor-top-section elementor-element elementor-element-01e8ac5 elementor-section-boxed elementor-section-height-default elementor-section-height-default\" data-id=\"01e8ac5\" data-element_type=\"section\">\n\t\t\t\t\t\t<div class=\"elementor-container elementor-column-gap-default\">\n\t\t\t\t\t<div class=\"elementor-column elementor-col-100 elementor-top-column elementor-element elementor-element-b2309ff\" data-id=\"b2309ff\" data-element_type=\"column\">\n\t\t\t<div class=\"elementor-widget-wrap\">\n\t\t\t\t\t\t\t<\/div>\n\t\t<\/div>\n\t\t\t\t\t<\/div>\n\t\t<\/section>\n\t\t\t\t<section class=\"elementor-section elementor-top-section elementor-element elementor-element-282c785 elementor-section-boxed elementor-section-height-default elementor-section-height-default\" data-id=\"282c785\" data-element_type=\"section\">\n\t\t\t\t\t\t<div class=\"elementor-container elementor-column-gap-default\">\n\t\t\t\t\t<div class=\"elementor-column elementor-col-100 elementor-top-column elementor-element elementor-element-41abbfb\" data-id=\"41abbfb\" data-element_type=\"column\">\n\t\t\t<div class=\"elementor-widget-wrap elementor-element-populated\">\n\t\t\t\t\t\t<section class=\"elementor-section elementor-inner-section elementor-element elementor-element-2b04a48 elementor-section-boxed elementor-section-height-default elementor-section-height-default\" data-id=\"2b04a48\" data-element_type=\"section\">\n\t\t\t\t\t\t<div class=\"elementor-container elementor-column-gap-default\">\n\t\t\t\t\t<div class=\"elementor-column elementor-col-100 elementor-inner-column elementor-element elementor-element-5a3e946\" data-id=\"5a3e946\" data-element_type=\"column\">\n\t\t\t<div class=\"elementor-widget-wrap elementor-element-populated\">\n\t\t\t\t\t\t<div class=\"elementor-element elementor-element-2d46acb elementor-widget elementor-widget-heading\" data-id=\"2d46acb\" data-element_type=\"widget\" data-widget_type=\"heading.default\">\n\t\t\t\t<div class=\"elementor-widget-container\">\n\t\t\t\t\t<h1 class=\"elementor-heading-title elementor-size-default\">LLar de Mar <\/h1>\t\t\t\t<\/div>\n\t\t\t\t<\/div>\n\t\t\t\t\t<\/div>\n\t\t<\/div>\n\t\t\t\t\t<\/div>\n\t\t<\/section>\n\t\t\t\t\t<\/div>\n\t\t<\/div>\n\t\t\t\t\t<\/div>\n\t\t<\/section>\n\t\t\t\t<section class=\"elementor-section elementor-top-section elementor-element elementor-element-6d55921 elementor-section-boxed elementor-section-height-default elementor-section-height-default\" data-id=\"6d55921\" data-element_type=\"section\">\n\t\t\t\t\t\t<div class=\"elementor-container elementor-column-gap-default\">\n\t\t\t\t\t<div class=\"elementor-column elementor-col-100 elementor-top-column elementor-element elementor-element-2662368\" data-id=\"2662368\" data-element_type=\"column\">\n\t\t\t<div class=\"elementor-widget-wrap elementor-element-populated\">\n\t\t\t\t\t\t<div class=\"elementor-element elementor-element-45249a1 elementor-widget elementor-widget-image\" data-id=\"45249a1\" data-element_type=\"widget\" data-widget_type=\"image.default\">\n\t\t\t\t<div class=\"elementor-widget-container\">\n\t\t\t\t\t\t\t\t\t\t\t\t\t\t\t\t<a href=\"https:\/\/amo3dvisual.com\/wp-content\/uploads\/2023\/07\/14_Aerea.jpg\" data-elementor-open-lightbox=\"yes\" data-elementor-lightbox-title=\"Llar de Mar\" data-elementor-lightbox-description=\"Vista Aerea Llar de Mar\" data-e-action-hash=\"#elementor-action%3Aaction%3Dlightbox%26settings%3DeyJpZCI6MTAxMDgsInVybCI6Imh0dHBzOlwvXC9hbW8zZHZpc3VhbC5jb21cL3dwLWNvbnRlbnRcL3VwbG9hZHNcLzIwMjNcLzA3XC8xNF9BZXJlYS5qcGcifQ%3D%3D\">\n\t\t\t\t\t\t\t<img fetchpriority=\"high\" decoding=\"async\" width=\"1920\" height=\"1279\" src=\"https:\/\/amo3dvisual.com\/wp-content\/uploads\/2023\/07\/14_Aerea.jpg\" class=\"attachment-full size-full wp-image-10108\" alt=\"Vista Aerea Llar de Mar\" srcset=\"https:\/\/amo3dvisual.com\/wp-content\/uploads\/2023\/07\/14_Aerea.jpg 1920w, https:\/\/amo3dvisual.com\/wp-content\/uploads\/2023\/07\/14_Aerea-300x200.jpg 300w, https:\/\/amo3dvisual.com\/wp-content\/uploads\/2023\/07\/14_Aerea-1024x682.jpg 1024w, https:\/\/amo3dvisual.com\/wp-content\/uploads\/2023\/07\/14_Aerea-768x512.jpg 768w, https:\/\/amo3dvisual.com\/wp-content\/uploads\/2023\/07\/14_Aerea-1536x1023.jpg 1536w\" sizes=\"(max-width: 1920px) 100vw, 1920px\" \/>\t\t\t\t\t\t\t\t<\/a>\n\t\t\t\t\t\t\t\t\t\t\t\t\t\t\t<\/div>\n\t\t\t\t<\/div>\n\t\t\t\t\t<\/div>\n\t\t<\/div>\n\t\t\t\t\t<\/div>\n\t\t<\/section>\n\t\t\t\t<section class=\"elementor-section elementor-top-section elementor-element elementor-element-fb85e62 elementor-section-boxed elementor-section-height-default elementor-section-height-default\" data-id=\"fb85e62\" data-element_type=\"section\" data-settings=\"{&quot;background_background&quot;:&quot;classic&quot;}\">\n\t\t\t\t\t\t<div class=\"elementor-container elementor-column-gap-default\">\n\t\t\t\t\t<div class=\"elementor-column elementor-col-100 elementor-top-column elementor-element elementor-element-eaeeef7\" data-id=\"eaeeef7\" data-element_type=\"column\">\n\t\t\t<div class=\"elementor-widget-wrap elementor-element-populated\">\n\t\t\t\t\t\t<div class=\"elementor-element elementor-element-0f8c423 elementor-widget elementor-widget-text-editor\" data-id=\"0f8c423\" data-element_type=\"widget\" data-widget_type=\"text-editor.default\">\n\t\t\t\t<div class=\"elementor-widget-container\">\n\t\t\t\t\t\t\t\t\t<p>Localizaci\u00f3n: Menorca (Espa\u00f1a)<br \/>Cliente: Barionika Projects \/ Tash and Partners<br \/>Servicios: <a href=\"https:\/\/amo3dvisual.com\/infografia-3d\/\">Infograf\u00eda 3D<\/a><\/p>\t\t\t\t\t\t\t\t<\/div>\n\t\t\t\t<\/div>\n\t\t\t\t\t<\/div>\n\t\t<\/div>\n\t\t\t\t\t<\/div>\n\t\t<\/section>\n\t\t\t\t<section class=\"elementor-section elementor-top-section elementor-element elementor-element-5ff67ab elementor-section-boxed elementor-section-height-default elementor-section-height-default\" data-id=\"5ff67ab\" data-element_type=\"section\">\n\t\t\t\t\t\t<div class=\"elementor-container elementor-column-gap-default\">\n\t\t\t\t\t<div class=\"elementor-column elementor-col-100 elementor-top-column elementor-element elementor-element-50f509f\" data-id=\"50f509f\" data-element_type=\"column\">\n\t\t\t<div class=\"elementor-widget-wrap elementor-element-populated\">\n\t\t\t\t\t\t<div class=\"elementor-element elementor-element-0b6cde0 elementor-widget elementor-widget-image\" data-id=\"0b6cde0\" data-element_type=\"widget\" data-widget_type=\"image.default\">\n\t\t\t\t<div class=\"elementor-widget-container\">\n\t\t\t\t\t\t\t\t\t\t\t\t\t\t\t\t<a href=\"https:\/\/amo3dvisual.com\/wp-content\/uploads\/2023\/07\/01_Exterior.jpg\" data-elementor-open-lightbox=\"yes\" data-elementor-lightbox-title=\"Llar de Mar\" data-elementor-lightbox-description=\"Infograf\u00eda Exterior Llar de Mar\" data-e-action-hash=\"#elementor-action%3Aaction%3Dlightbox%26settings%3DeyJpZCI6MTAxMTUsInVybCI6Imh0dHBzOlwvXC9hbW8zZHZpc3VhbC5jb21cL3dwLWNvbnRlbnRcL3VwbG9hZHNcLzIwMjNcLzA3XC8wMV9FeHRlcmlvci5qcGcifQ%3D%3D\">\n\t\t\t\t\t\t\t<img decoding=\"async\" width=\"1920\" height=\"960\" src=\"https:\/\/amo3dvisual.com\/wp-content\/uploads\/2023\/07\/01_Exterior.jpg\" class=\"attachment-full size-full wp-image-10115\" alt=\"Infograf\u00eda Exterior Llar de Mar\" srcset=\"https:\/\/amo3dvisual.com\/wp-content\/uploads\/2023\/07\/01_Exterior.jpg 1920w, https:\/\/amo3dvisual.com\/wp-content\/uploads\/2023\/07\/01_Exterior-300x150.jpg 300w, https:\/\/amo3dvisual.com\/wp-content\/uploads\/2023\/07\/01_Exterior-1024x512.jpg 1024w, https:\/\/amo3dvisual.com\/wp-content\/uploads\/2023\/07\/01_Exterior-768x384.jpg 768w, https:\/\/amo3dvisual.com\/wp-content\/uploads\/2023\/07\/01_Exterior-1536x768.jpg 1536w\" sizes=\"(max-width: 1920px) 100vw, 1920px\" \/>\t\t\t\t\t\t\t\t<\/a>\n\t\t\t\t\t\t\t\t\t\t\t\t\t\t\t<\/div>\n\t\t\t\t<\/div>\n\t\t\t\t\t<\/div>\n\t\t<\/div>\n\t\t\t\t\t<\/div>\n\t\t<\/section>\n\t\t\t\t<section class=\"elementor-section elementor-top-section elementor-element elementor-element-965fc4f elementor-section-boxed elementor-section-height-default elementor-section-height-default\" data-id=\"965fc4f\" data-element_type=\"section\">\n\t\t\t\t\t\t<div class=\"elementor-container elementor-column-gap-default\">\n\t\t\t\t\t<div class=\"elementor-column elementor-col-50 elementor-top-column elementor-element elementor-element-25327aa\" data-id=\"25327aa\" data-element_type=\"column\">\n\t\t\t<div class=\"elementor-widget-wrap elementor-element-populated\">\n\t\t\t\t\t\t<div class=\"elementor-element elementor-element-856c666 elementor-widget elementor-widget-image\" data-id=\"856c666\" data-element_type=\"widget\" data-widget_type=\"image.default\">\n\t\t\t\t<div class=\"elementor-widget-container\">\n\t\t\t\t\t\t\t\t\t\t\t\t\t\t\t\t<a href=\"https:\/\/amo3dvisual.com\/wp-content\/uploads\/2023\/07\/13_Calle_Zona_Comun.jpg\" data-elementor-open-lightbox=\"yes\" data-elementor-lightbox-title=\"Llar de Mar\" data-elementor-lightbox-description=\"Infograf\u00eda Calle Llar de Mar\" data-e-action-hash=\"#elementor-action%3Aaction%3Dlightbox%26settings%3DeyJpZCI6MTAxMTAsInVybCI6Imh0dHBzOlwvXC9hbW8zZHZpc3VhbC5jb21cL3dwLWNvbnRlbnRcL3VwbG9hZHNcLzIwMjNcLzA3XC8xM19DYWxsZV9ab25hX0NvbXVuLmpwZyJ9\">\n\t\t\t\t\t\t\t<img decoding=\"async\" width=\"1920\" height=\"1280\" src=\"https:\/\/amo3dvisual.com\/wp-content\/uploads\/2023\/07\/13_Calle_Zona_Comun.jpg\" class=\"attachment-full size-full wp-image-10110\" alt=\"Infograf\u00eda Calle Llar de Mar\" srcset=\"https:\/\/amo3dvisual.com\/wp-content\/uploads\/2023\/07\/13_Calle_Zona_Comun.jpg 1920w, https:\/\/amo3dvisual.com\/wp-content\/uploads\/2023\/07\/13_Calle_Zona_Comun-300x200.jpg 300w, https:\/\/amo3dvisual.com\/wp-content\/uploads\/2023\/07\/13_Calle_Zona_Comun-1024x683.jpg 1024w, https:\/\/amo3dvisual.com\/wp-content\/uploads\/2023\/07\/13_Calle_Zona_Comun-768x512.jpg 768w, https:\/\/amo3dvisual.com\/wp-content\/uploads\/2023\/07\/13_Calle_Zona_Comun-1536x1024.jpg 1536w\" sizes=\"(max-width: 1920px) 100vw, 1920px\" \/>\t\t\t\t\t\t\t\t<\/a>\n\t\t\t\t\t\t\t\t\t\t\t\t\t\t\t<\/div>\n\t\t\t\t<\/div>\n\t\t\t\t\t<\/div>\n\t\t<\/div>\n\t\t\t\t<div class=\"elementor-column elementor-col-50 elementor-top-column elementor-element elementor-element-59ea83f\" data-id=\"59ea83f\" data-element_type=\"column\">\n\t\t\t<div class=\"elementor-widget-wrap elementor-element-populated\">\n\t\t\t\t\t\t<div class=\"elementor-element elementor-element-1269e79 elementor-widget elementor-widget-image\" data-id=\"1269e79\" data-element_type=\"widget\" data-widget_type=\"image.default\">\n\t\t\t\t<div class=\"elementor-widget-container\">\n\t\t\t\t\t\t\t\t\t\t\t\t\t\t\t\t<a href=\"https:\/\/amo3dvisual.com\/wp-content\/uploads\/2023\/07\/03_Calle.jpg\" data-elementor-open-lightbox=\"yes\" data-elementor-lightbox-title=\"Llar de Mar\" data-elementor-lightbox-description=\"Infograf\u00eda Calle Llar de Mar\" data-e-action-hash=\"#elementor-action%3Aaction%3Dlightbox%26settings%3DeyJpZCI6MTAxMTEsInVybCI6Imh0dHBzOlwvXC9hbW8zZHZpc3VhbC5jb21cL3dwLWNvbnRlbnRcL3VwbG9hZHNcLzIwMjNcLzA3XC8wM19DYWxsZS5qcGcifQ%3D%3D\">\n\t\t\t\t\t\t\t<img loading=\"lazy\" decoding=\"async\" width=\"1920\" height=\"1280\" src=\"https:\/\/amo3dvisual.com\/wp-content\/uploads\/2023\/07\/03_Calle.jpg\" class=\"attachment-full size-full wp-image-10111\" alt=\"Infograf\u00eda Calle Llar de Mar\" srcset=\"https:\/\/amo3dvisual.com\/wp-content\/uploads\/2023\/07\/03_Calle.jpg 1920w, https:\/\/amo3dvisual.com\/wp-content\/uploads\/2023\/07\/03_Calle-300x200.jpg 300w, https:\/\/amo3dvisual.com\/wp-content\/uploads\/2023\/07\/03_Calle-1024x683.jpg 1024w, https:\/\/amo3dvisual.com\/wp-content\/uploads\/2023\/07\/03_Calle-768x512.jpg 768w, https:\/\/amo3dvisual.com\/wp-content\/uploads\/2023\/07\/03_Calle-1536x1024.jpg 1536w\" sizes=\"(max-width: 1920px) 100vw, 1920px\" \/>\t\t\t\t\t\t\t\t<\/a>\n\t\t\t\t\t\t\t\t\t\t\t\t\t\t\t<\/div>\n\t\t\t\t<\/div>\n\t\t\t\t\t<\/div>\n\t\t<\/div>\n\t\t\t\t\t<\/div>\n\t\t<\/section>\n\t\t\t\t<section class=\"elementor-section elementor-top-section elementor-element elementor-element-f7cab3e elementor-section-boxed elementor-section-height-default elementor-section-height-default\" data-id=\"f7cab3e\" data-element_type=\"section\">\n\t\t\t\t\t\t<div class=\"elementor-container elementor-column-gap-default\">\n\t\t\t\t\t<div class=\"elementor-column elementor-col-100 elementor-top-column elementor-element elementor-element-d7cb277\" data-id=\"d7cb277\" data-element_type=\"column\">\n\t\t\t<div class=\"elementor-widget-wrap elementor-element-populated\">\n\t\t\t\t\t\t<div class=\"elementor-element elementor-element-ade2619 elementor-widget elementor-widget-image\" data-id=\"ade2619\" data-element_type=\"widget\" data-widget_type=\"image.default\">\n\t\t\t\t<div class=\"elementor-widget-container\">\n\t\t\t\t\t\t\t\t\t\t\t\t\t\t\t\t<a href=\"https:\/\/amo3dvisual.com\/wp-content\/uploads\/2023\/07\/07_Salon.jpg\" data-elementor-open-lightbox=\"yes\" data-elementor-lightbox-title=\"Llar de Mar\" data-elementor-lightbox-description=\"Infograf\u00eda Sal\u00f3n Llar de Mar\" data-e-action-hash=\"#elementor-action%3Aaction%3Dlightbox%26settings%3DeyJpZCI6MTAxMTIsInVybCI6Imh0dHBzOlwvXC9hbW8zZHZpc3VhbC5jb21cL3dwLWNvbnRlbnRcL3VwbG9hZHNcLzIwMjNcLzA3XC8wN19TYWxvbi5qcGcifQ%3D%3D\">\n\t\t\t\t\t\t\t<img loading=\"lazy\" decoding=\"async\" width=\"1920\" height=\"960\" src=\"https:\/\/amo3dvisual.com\/wp-content\/uploads\/2023\/07\/07_Salon.jpg\" class=\"attachment-full size-full wp-image-10112\" alt=\"Infograf\u00eda Sal\u00f3n Llar de Mar\" srcset=\"https:\/\/amo3dvisual.com\/wp-content\/uploads\/2023\/07\/07_Salon.jpg 1920w, https:\/\/amo3dvisual.com\/wp-content\/uploads\/2023\/07\/07_Salon-300x150.jpg 300w, https:\/\/amo3dvisual.com\/wp-content\/uploads\/2023\/07\/07_Salon-1024x512.jpg 1024w, https:\/\/amo3dvisual.com\/wp-content\/uploads\/2023\/07\/07_Salon-768x384.jpg 768w, https:\/\/amo3dvisual.com\/wp-content\/uploads\/2023\/07\/07_Salon-1536x768.jpg 1536w\" sizes=\"(max-width: 1920px) 100vw, 1920px\" \/>\t\t\t\t\t\t\t\t<\/a>\n\t\t\t\t\t\t\t\t\t\t\t\t\t\t\t<\/div>\n\t\t\t\t<\/div>\n\t\t\t\t\t<\/div>\n\t\t<\/div>\n\t\t\t\t\t<\/div>\n\t\t<\/section>\n\t\t\t\t<section class=\"elementor-section elementor-top-section elementor-element elementor-element-30f0305 elementor-section-boxed elementor-section-height-default elementor-section-height-default\" data-id=\"30f0305\" data-element_type=\"section\">\n\t\t\t\t\t\t<div class=\"elementor-container elementor-column-gap-default\">\n\t\t\t\t\t<div class=\"elementor-column elementor-col-50 elementor-top-column elementor-element elementor-element-eacd844\" data-id=\"eacd844\" data-element_type=\"column\">\n\t\t\t<div class=\"elementor-widget-wrap elementor-element-populated\">\n\t\t\t\t\t\t<div class=\"elementor-element elementor-element-206bc1f elementor-widget elementor-widget-image\" data-id=\"206bc1f\" data-element_type=\"widget\" data-widget_type=\"image.default\">\n\t\t\t\t<div class=\"elementor-widget-container\">\n\t\t\t\t\t\t\t\t\t\t\t\t\t\t\t\t<a href=\"https:\/\/amo3dvisual.com\/wp-content\/uploads\/2023\/07\/12_Porche.jpg\" data-elementor-open-lightbox=\"yes\" data-elementor-lightbox-title=\"Llar de Mar\" data-elementor-lightbox-description=\"Infograf\u00eda Porche Llar de Mar\" data-e-action-hash=\"#elementor-action%3Aaction%3Dlightbox%26settings%3DeyJpZCI6MTAxMTMsInVybCI6Imh0dHBzOlwvXC9hbW8zZHZpc3VhbC5jb21cL3dwLWNvbnRlbnRcL3VwbG9hZHNcLzIwMjNcLzA3XC8xMl9Qb3JjaGUuanBnIn0%3D\">\n\t\t\t\t\t\t\t<img loading=\"lazy\" decoding=\"async\" width=\"1920\" height=\"1600\" src=\"https:\/\/amo3dvisual.com\/wp-content\/uploads\/2023\/07\/12_Porche.jpg\" class=\"attachment-full size-full wp-image-10113\" alt=\"Infograf\u00eda Porche Llar de Mar\" srcset=\"https:\/\/amo3dvisual.com\/wp-content\/uploads\/2023\/07\/12_Porche.jpg 1920w, https:\/\/amo3dvisual.com\/wp-content\/uploads\/2023\/07\/12_Porche-300x250.jpg 300w, https:\/\/amo3dvisual.com\/wp-content\/uploads\/2023\/07\/12_Porche-1024x853.jpg 1024w, https:\/\/amo3dvisual.com\/wp-content\/uploads\/2023\/07\/12_Porche-768x640.jpg 768w, https:\/\/amo3dvisual.com\/wp-content\/uploads\/2023\/07\/12_Porche-1536x1280.jpg 1536w\" sizes=\"(max-width: 1920px) 100vw, 1920px\" \/>\t\t\t\t\t\t\t\t<\/a>\n\t\t\t\t\t\t\t\t\t\t\t\t\t\t\t<\/div>\n\t\t\t\t<\/div>\n\t\t\t\t\t<\/div>\n\t\t<\/div>\n\t\t\t\t<div class=\"elementor-column elementor-col-50 elementor-top-column elementor-element elementor-element-e29f5c5\" data-id=\"e29f5c5\" data-element_type=\"column\">\n\t\t\t<div class=\"elementor-widget-wrap elementor-element-populated\">\n\t\t\t\t\t\t<div class=\"elementor-element elementor-element-8bf48a9 elementor-widget elementor-widget-image\" data-id=\"8bf48a9\" data-element_type=\"widget\" data-widget_type=\"image.default\">\n\t\t\t\t<div class=\"elementor-widget-container\">\n\t\t\t\t\t\t\t\t\t\t\t\t\t\t\t\t<a href=\"https:\/\/amo3dvisual.com\/wp-content\/uploads\/2023\/07\/16_Piscina_Nocturna.jpg\" data-elementor-open-lightbox=\"yes\" data-elementor-lightbox-title=\"Llar de Mar\" data-elementor-lightbox-description=\"Infograf\u00eda Piscina Llar de Mar\" data-e-action-hash=\"#elementor-action%3Aaction%3Dlightbox%26settings%3DeyJpZCI6MTAxMTQsInVybCI6Imh0dHBzOlwvXC9hbW8zZHZpc3VhbC5jb21cL3dwLWNvbnRlbnRcL3VwbG9hZHNcLzIwMjNcLzA3XC8xNl9QaXNjaW5hX05vY3R1cm5hLmpwZyJ9\">\n\t\t\t\t\t\t\t<img loading=\"lazy\" decoding=\"async\" width=\"1920\" height=\"960\" src=\"https:\/\/amo3dvisual.com\/wp-content\/uploads\/2023\/07\/16_Piscina_Nocturna.jpg\" class=\"attachment-full size-full wp-image-10114\" alt=\"Infograf\u00eda Piscina Llar de Mar\" srcset=\"https:\/\/amo3dvisual.com\/wp-content\/uploads\/2023\/07\/16_Piscina_Nocturna.jpg 1920w, https:\/\/amo3dvisual.com\/wp-content\/uploads\/2023\/07\/16_Piscina_Nocturna-300x150.jpg 300w, https:\/\/amo3dvisual.com\/wp-content\/uploads\/2023\/07\/16_Piscina_Nocturna-1024x512.jpg 1024w, https:\/\/amo3dvisual.com\/wp-content\/uploads\/2023\/07\/16_Piscina_Nocturna-768x384.jpg 768w, https:\/\/amo3dvisual.com\/wp-content\/uploads\/2023\/07\/16_Piscina_Nocturna-1536x768.jpg 1536w\" sizes=\"(max-width: 1920px) 100vw, 1920px\" \/>\t\t\t\t\t\t\t\t<\/a>\n\t\t\t\t\t\t\t\t\t\t\t\t\t\t\t<\/div>\n\t\t\t\t<\/div>\n\t\t\t\t\t<\/div>\n\t\t<\/div>\n\t\t\t\t\t<\/div>\n\t\t<\/section>\n\t\t\t\t<section class=\"elementor-section elementor-top-section elementor-element elementor-element-e3b36a6 elementor-section-boxed elementor-section-height-default elementor-section-height-default\" data-id=\"e3b36a6\" data-element_type=\"section\">\n\t\t\t\t\t\t<div class=\"elementor-container elementor-column-gap-default\">\n\t\t\t\t\t<div class=\"elementor-column elementor-col-100 elementor-top-column elementor-element elementor-element-a12ab35\" data-id=\"a12ab35\" data-element_type=\"column\">\n\t\t\t<div class=\"elementor-widget-wrap elementor-element-populated\">\n\t\t\t\t\t\t<div class=\"elementor-element elementor-element-47e7540 elementor-widget elementor-widget-image\" data-id=\"47e7540\" data-element_type=\"widget\" data-widget_type=\"image.default\">\n\t\t\t\t<div class=\"elementor-widget-container\">\n\t\t\t\t\t\t\t\t\t\t\t\t\t\t\t\t<a href=\"https:\/\/amo3dvisual.com\/wp-content\/uploads\/2023\/07\/01B_Exterior.jpg\" data-elementor-open-lightbox=\"yes\" data-elementor-lightbox-title=\"Llar de Mar\" data-elementor-lightbox-description=\"Infograf\u00eda Exterior Llar de Mar\" data-e-action-hash=\"#elementor-action%3Aaction%3Dlightbox%26settings%3DeyJpZCI6MTAxMDksInVybCI6Imh0dHBzOlwvXC9hbW8zZHZpc3VhbC5jb21cL3dwLWNvbnRlbnRcL3VwbG9hZHNcLzIwMjNcLzA3XC8wMUJfRXh0ZXJpb3IuanBnIn0%3D\">\n\t\t\t\t\t\t\t<img loading=\"lazy\" decoding=\"async\" width=\"1920\" height=\"960\" src=\"https:\/\/amo3dvisual.com\/wp-content\/uploads\/2023\/07\/01B_Exterior.jpg\" class=\"attachment-full size-full wp-image-10109\" alt=\"Infograf\u00eda Exterior Llar de Mar\" srcset=\"https:\/\/amo3dvisual.com\/wp-content\/uploads\/2023\/07\/01B_Exterior.jpg 1920w, https:\/\/amo3dvisual.com\/wp-content\/uploads\/2023\/07\/01B_Exterior-300x150.jpg 300w, https:\/\/amo3dvisual.com\/wp-content\/uploads\/2023\/07\/01B_Exterior-1024x512.jpg 1024w, https:\/\/amo3dvisual.com\/wp-content\/uploads\/2023\/07\/01B_Exterior-768x384.jpg 768w, https:\/\/amo3dvisual.com\/wp-content\/uploads\/2023\/07\/01B_Exterior-1536x768.jpg 1536w\" sizes=\"(max-width: 1920px) 100vw, 1920px\" \/>\t\t\t\t\t\t\t\t<\/a>\n\t\t\t\t\t\t\t\t\t\t\t\t\t\t\t<\/div>\n\t\t\t\t<\/div>\n\t\t\t\t\t<\/div>\n\t\t<\/div>\n\t\t\t\t\t<\/div>\n\t\t<\/section>\n\t\t\t\t<section class=\"elementor-section elementor-top-section elementor-element elementor-element-5ed7572 elementor-section-boxed elementor-section-height-default elementor-section-height-default\" data-id=\"5ed7572\" data-element_type=\"section\">\n\t\t\t\t\t\t<div class=\"elementor-container elementor-column-gap-default\">\n\t\t\t\t\t<div class=\"elementor-column elementor-col-100 elementor-top-column elementor-element elementor-element-ccc4292\" data-id=\"ccc4292\" data-element_type=\"column\">\n\t\t\t<div class=\"elementor-widget-wrap elementor-element-populated\">\n\t\t\t\t\t\t<div class=\"elementor-element elementor-element-1803051 elementor-widget elementor-widget-image\" data-id=\"1803051\" data-element_type=\"widget\" data-widget_type=\"image.default\">\n\t\t\t\t<div class=\"elementor-widget-container\">\n\t\t\t\t\t\t\t\t\t\t\t\t\t\t\t\t<a href=\"https:\/\/amo3dvisual.com\/wp-content\/uploads\/2023\/07\/09_Dormitorio.jpg\" data-elementor-open-lightbox=\"yes\" data-elementor-lightbox-title=\"Llar de Mar\" data-elementor-lightbox-description=\"Infograf\u00eda Dormitorio Llar de Mar\" data-e-action-hash=\"#elementor-action%3Aaction%3Dlightbox%26settings%3DeyJpZCI6MTAxMTYsInVybCI6Imh0dHBzOlwvXC9hbW8zZHZpc3VhbC5jb21cL3dwLWNvbnRlbnRcL3VwbG9hZHNcLzIwMjNcLzA3XC8wOV9Eb3JtaXRvcmlvLmpwZyJ9\">\n\t\t\t\t\t\t\t<img loading=\"lazy\" decoding=\"async\" width=\"1920\" height=\"1108\" src=\"https:\/\/amo3dvisual.com\/wp-content\/uploads\/2023\/07\/09_Dormitorio.jpg\" class=\"attachment-full size-full wp-image-10116\" alt=\"Infograf\u00eda Dormitorio Llar de Mar\" srcset=\"https:\/\/amo3dvisual.com\/wp-content\/uploads\/2023\/07\/09_Dormitorio.jpg 1920w, https:\/\/amo3dvisual.com\/wp-content\/uploads\/2023\/07\/09_Dormitorio-300x173.jpg 300w, https:\/\/amo3dvisual.com\/wp-content\/uploads\/2023\/07\/09_Dormitorio-1024x591.jpg 1024w, https:\/\/amo3dvisual.com\/wp-content\/uploads\/2023\/07\/09_Dormitorio-768x443.jpg 768w, https:\/\/amo3dvisual.com\/wp-content\/uploads\/2023\/07\/09_Dormitorio-1536x886.jpg 1536w\" sizes=\"(max-width: 1920px) 100vw, 1920px\" \/>\t\t\t\t\t\t\t\t<\/a>\n\t\t\t\t\t\t\t\t\t\t\t\t\t\t\t<\/div>\n\t\t\t\t<\/div>\n\t\t\t\t\t<\/div>\n\t\t<\/div>\n\t\t\t\t\t<\/div>\n\t\t<\/section>\n\t\t\t\t<\/div>\n\t\t","protected":false},"excerpt":{"rendered":"<p>LLar de Mar Localizaci\u00f3n: Menorca (Espa\u00f1a)Cliente: Barionika Projects \/ Tash and PartnersServicios: Infograf\u00eda 3D<\/p>\n","protected":false},"author":2,"featured_media":8990,"comment_status":"closed","ping_status":"closed","template":"","meta":{"footnotes":""},"portfolio_category":[48],"portfolio_tag":[],"class_list":["post-8981","portfolio","type-portfolio","status-publish","has-post-thumbnail","hentry","portfolio_category-infografia-3d"],"yoast_head":"<!-- This site is optimized with the Yoast SEO plugin v25.3 - https:\/\/yoast.com\/wordpress\/plugins\/seo\/ -->\n<title>Llar de Mar &#187; AMO 3D Visual<\/title>\n<meta name=\"robots\" content=\"index, follow, max-snippet:-1, max-image-preview:large, max-video-preview:-1\" \/>\n<link rel=\"canonical\" href=\"https:\/\/amo3dvisual.com\/en\/proyectos\/llar-de-mar\/\" \/>\n<meta property=\"og:locale\" content=\"en_US\" \/>\n<meta property=\"og:type\" content=\"article\" \/>\n<meta property=\"og:title\" content=\"Llar de Mar &#187; AMO 3D Visual\" \/>\n<meta property=\"og:description\" content=\"LLar de Mar Localizaci\u00f3n: Menorca (Espa\u00f1a)Cliente: Barionika Projects \/ Tash and PartnersServicios: Infograf\u00eda 3D\" \/>\n<meta property=\"og:url\" content=\"https:\/\/amo3dvisual.com\/en\/proyectos\/llar-de-mar\/\" \/>\n<meta property=\"og:site_name\" content=\"AMO 3D Visual\" \/>\n<meta property=\"article:modified_time\" content=\"2023-07-28T12:08:40+00:00\" \/>\n<meta property=\"og:image\" content=\"https:\/\/amo3dvisual.com\/wp-content\/uploads\/2023\/07\/16_Piscina_Nocturna.jpg\" \/>\n\t<meta property=\"og:image:width\" content=\"1920\" \/>\n\t<meta property=\"og:image:height\" content=\"960\" \/>\n\t<meta property=\"og:image:type\" content=\"image\/jpeg\" \/>\n<meta name=\"twitter:card\" content=\"summary_large_image\" \/>\n<meta name=\"twitter:label1\" content=\"Est. reading time\" \/>\n\t<meta name=\"twitter:data1\" content=\"2 minutes\" \/>\n<script type=\"application\/ld+json\" class=\"yoast-schema-graph\">{\"@context\":\"https:\/\/schema.org\",\"@graph\":[{\"@type\":\"WebPage\",\"@id\":\"https:\/\/amo3dvisual.com\/en\/proyectos\/llar-de-mar\/\",\"url\":\"https:\/\/amo3dvisual.com\/en\/proyectos\/llar-de-mar\/\",\"name\":\"Llar de Mar &#187; AMO 3D Visual\",\"isPartOf\":{\"@id\":\"https:\/\/amo3dvisual.com\/en\/#website\"},\"primaryImageOfPage\":{\"@id\":\"https:\/\/amo3dvisual.com\/en\/proyectos\/llar-de-mar\/#primaryimage\"},\"image\":{\"@id\":\"https:\/\/amo3dvisual.com\/en\/proyectos\/llar-de-mar\/#primaryimage\"},\"thumbnailUrl\":\"https:\/\/amo3dvisual.com\/wp-content\/uploads\/2023\/07\/16_Piscina_Nocturna.jpg\",\"datePublished\":\"2023-07-05T07:36:48+00:00\",\"dateModified\":\"2023-07-28T12:08:40+00:00\",\"breadcrumb\":{\"@id\":\"https:\/\/amo3dvisual.com\/en\/proyectos\/llar-de-mar\/#breadcrumb\"},\"inLanguage\":\"en-US\",\"potentialAction\":[{\"@type\":\"ReadAction\",\"target\":[\"https:\/\/amo3dvisual.com\/en\/proyectos\/llar-de-mar\/\"]}]},{\"@type\":\"ImageObject\",\"inLanguage\":\"en-US\",\"@id\":\"https:\/\/amo3dvisual.com\/en\/proyectos\/llar-de-mar\/#primaryimage\",\"url\":\"https:\/\/amo3dvisual.com\/wp-content\/uploads\/2023\/07\/16_Piscina_Nocturna.jpg\",\"contentUrl\":\"https:\/\/amo3dvisual.com\/wp-content\/uploads\/2023\/07\/16_Piscina_Nocturna.jpg\",\"width\":1920,\"height\":960,\"caption\":\"Infograf\u00eda Piscina Llar de Mar\"},{\"@type\":\"BreadcrumbList\",\"@id\":\"https:\/\/amo3dvisual.com\/en\/proyectos\/llar-de-mar\/#breadcrumb\",\"itemListElement\":[{\"@type\":\"ListItem\",\"position\":1,\"name\":\"Inicio\",\"item\":\"https:\/\/amo3dvisual.com\/en\/\"},{\"@type\":\"ListItem\",\"position\":2,\"name\":\"Portfolio\",\"item\":\"https:\/\/amo3dvisual.com\/en\/proyectos\/\"},{\"@type\":\"ListItem\",\"position\":3,\"name\":\"Infograf\u00eda 3D\",\"item\":\"https:\/\/amo3dvisual.com\/portfolio_category\/infografia-3d\/\"},{\"@type\":\"ListItem\",\"position\":4,\"name\":\"Llar de Mar\"}]},{\"@type\":\"WebSite\",\"@id\":\"https:\/\/amo3dvisual.com\/en\/#website\",\"url\":\"https:\/\/amo3dvisual.com\/en\/\",\"name\":\"AMO 3D Visual\",\"description\":\"Estudio de infograf\u00eda 3D en Zaragoza especializado en realizaci\u00f3n de renders y dise\u00f1o 3D exterior e interior\",\"publisher\":{\"@id\":\"https:\/\/amo3dvisual.com\/en\/#organization\"},\"potentialAction\":[{\"@type\":\"SearchAction\",\"target\":{\"@type\":\"EntryPoint\",\"urlTemplate\":\"https:\/\/amo3dvisual.com\/en\/?s={search_term_string}\"},\"query-input\":{\"@type\":\"PropertyValueSpecification\",\"valueRequired\":true,\"valueName\":\"search_term_string\"}}],\"inLanguage\":\"en-US\"},{\"@type\":\"Organization\",\"@id\":\"https:\/\/amo3dvisual.com\/en\/#organization\",\"name\":\"AMO 3D Visual\",\"url\":\"https:\/\/amo3dvisual.com\/en\/\",\"logo\":{\"@type\":\"ImageObject\",\"inLanguage\":\"en-US\",\"@id\":\"https:\/\/amo3dvisual.com\/en\/#\/schema\/logo\/image\/\",\"url\":\"https:\/\/amo3dvisual.com\/wp-content\/uploads\/2019\/09\/logotipo-AMO.png\",\"contentUrl\":\"https:\/\/amo3dvisual.com\/wp-content\/uploads\/2019\/09\/logotipo-AMO.png\",\"width\":291,\"height\":144,\"caption\":\"AMO 3D Visual\"},\"image\":{\"@id\":\"https:\/\/amo3dvisual.com\/en\/#\/schema\/logo\/image\/\"}}]}<\/script>\n<!-- \/ Yoast SEO plugin. -->","yoast_head_json":{"title":"Llar de Mar &#187; AMO 3D Visual","robots":{"index":"index","follow":"follow","max-snippet":"max-snippet:-1","max-image-preview":"max-image-preview:large","max-video-preview":"max-video-preview:-1"},"canonical":"https:\/\/amo3dvisual.com\/en\/proyectos\/llar-de-mar\/","og_locale":"en_US","og_type":"article","og_title":"Llar de Mar &#187; AMO 3D Visual","og_description":"LLar de Mar Localizaci\u00f3n: Menorca (Espa\u00f1a)Cliente: Barionika Projects \/ Tash and PartnersServicios: Infograf\u00eda 3D","og_url":"https:\/\/amo3dvisual.com\/en\/proyectos\/llar-de-mar\/","og_site_name":"AMO 3D Visual","article_modified_time":"2023-07-28T12:08:40+00:00","og_image":[{"width":1920,"height":960,"url":"https:\/\/amo3dvisual.com\/wp-content\/uploads\/2023\/07\/16_Piscina_Nocturna.jpg","type":"image\/jpeg"}],"twitter_card":"summary_large_image","twitter_misc":{"Est. reading time":"2 minutes"},"schema":{"@context":"https:\/\/schema.org","@graph":[{"@type":"WebPage","@id":"https:\/\/amo3dvisual.com\/en\/proyectos\/llar-de-mar\/","url":"https:\/\/amo3dvisual.com\/en\/proyectos\/llar-de-mar\/","name":"Llar de Mar &#187; AMO 3D Visual","isPartOf":{"@id":"https:\/\/amo3dvisual.com\/en\/#website"},"primaryImageOfPage":{"@id":"https:\/\/amo3dvisual.com\/en\/proyectos\/llar-de-mar\/#primaryimage"},"image":{"@id":"https:\/\/amo3dvisual.com\/en\/proyectos\/llar-de-mar\/#primaryimage"},"thumbnailUrl":"https:\/\/amo3dvisual.com\/wp-content\/uploads\/2023\/07\/16_Piscina_Nocturna.jpg","datePublished":"2023-07-05T07:36:48+00:00","dateModified":"2023-07-28T12:08:40+00:00","breadcrumb":{"@id":"https:\/\/amo3dvisual.com\/en\/proyectos\/llar-de-mar\/#breadcrumb"},"inLanguage":"en-US","potentialAction":[{"@type":"ReadAction","target":["https:\/\/amo3dvisual.com\/en\/proyectos\/llar-de-mar\/"]}]},{"@type":"ImageObject","inLanguage":"en-US","@id":"https:\/\/amo3dvisual.com\/en\/proyectos\/llar-de-mar\/#primaryimage","url":"https:\/\/amo3dvisual.com\/wp-content\/uploads\/2023\/07\/16_Piscina_Nocturna.jpg","contentUrl":"https:\/\/amo3dvisual.com\/wp-content\/uploads\/2023\/07\/16_Piscina_Nocturna.jpg","width":1920,"height":960,"caption":"Infograf\u00eda Piscina Llar de Mar"},{"@type":"BreadcrumbList","@id":"https:\/\/amo3dvisual.com\/en\/proyectos\/llar-de-mar\/#breadcrumb","itemListElement":[{"@type":"ListItem","position":1,"name":"Inicio","item":"https:\/\/amo3dvisual.com\/en\/"},{"@type":"ListItem","position":2,"name":"Portfolio","item":"https:\/\/amo3dvisual.com\/en\/proyectos\/"},{"@type":"ListItem","position":3,"name":"Infograf\u00eda 3D","item":"https:\/\/amo3dvisual.com\/portfolio_category\/infografia-3d\/"},{"@type":"ListItem","position":4,"name":"Llar de Mar"}]},{"@type":"WebSite","@id":"https:\/\/amo3dvisual.com\/en\/#website","url":"https:\/\/amo3dvisual.com\/en\/","name":"AMO 3D Visual","description":"Estudio de infograf\u00eda 3D en Zaragoza especializado en realizaci\u00f3n de renders y dise\u00f1o 3D exterior e interior","publisher":{"@id":"https:\/\/amo3dvisual.com\/en\/#organization"},"potentialAction":[{"@type":"SearchAction","target":{"@type":"EntryPoint","urlTemplate":"https:\/\/amo3dvisual.com\/en\/?s={search_term_string}"},"query-input":{"@type":"PropertyValueSpecification","valueRequired":true,"valueName":"search_term_string"}}],"inLanguage":"en-US"},{"@type":"Organization","@id":"https:\/\/amo3dvisual.com\/en\/#organization","name":"AMO 3D Visual","url":"https:\/\/amo3dvisual.com\/en\/","logo":{"@type":"ImageObject","inLanguage":"en-US","@id":"https:\/\/amo3dvisual.com\/en\/#\/schema\/logo\/image\/","url":"https:\/\/amo3dvisual.com\/wp-content\/uploads\/2019\/09\/logotipo-AMO.png","contentUrl":"https:\/\/amo3dvisual.com\/wp-content\/uploads\/2019\/09\/logotipo-AMO.png","width":291,"height":144,"caption":"AMO 3D Visual"},"image":{"@id":"https:\/\/amo3dvisual.com\/en\/#\/schema\/logo\/image\/"}}]}},"_links":{"self":[{"href":"https:\/\/amo3dvisual.com\/en\/wp-json\/wp\/v2\/portfolio\/8981","targetHints":{"allow":["GET"]}}],"collection":[{"href":"https:\/\/amo3dvisual.com\/en\/wp-json\/wp\/v2\/portfolio"}],"about":[{"href":"https:\/\/amo3dvisual.com\/en\/wp-json\/wp\/v2\/types\/portfolio"}],"author":[{"embeddable":true,"href":"https:\/\/amo3dvisual.com\/en\/wp-json\/wp\/v2\/users\/2"}],"replies":[{"embeddable":true,"href":"https:\/\/amo3dvisual.com\/en\/wp-json\/wp\/v2\/comments?post=8981"}],"version-history":[{"count":15,"href":"https:\/\/amo3dvisual.com\/en\/wp-json\/wp\/v2\/portfolio\/8981\/revisions"}],"predecessor-version":[{"id":9418,"href":"https:\/\/amo3dvisual.com\/en\/wp-json\/wp\/v2\/portfolio\/8981\/revisions\/9418"}],"wp:featuredmedia":[{"embeddable":true,"href":"https:\/\/amo3dvisual.com\/en\/wp-json\/wp\/v2\/media\/8990"}],"wp:attachment":[{"href":"https:\/\/amo3dvisual.com\/en\/wp-json\/wp\/v2\/media?parent=8981"}],"wp:term":[{"taxonomy":"portfolio_category","embeddable":true,"href":"https:\/\/amo3dvisual.com\/en\/wp-json\/wp\/v2\/portfolio_category?post=8981"},{"taxonomy":"portfolio_tag","embeddable":true,"href":"https:\/\/amo3dvisual.com\/en\/wp-json\/wp\/v2\/portfolio_tag?post=8981"}],"curies":[{"name":"wp","href":"https:\/\/api.w.org\/{rel}","templated":true}]}}